{"id":2787,"date":"2023-10-25T14:37:03","date_gmt":"2023-10-25T14:37:03","guid":{"rendered":"https:\/\/www.penyaadvocats.com\/dret-penal\/"},"modified":"2023-11-27T13:50:26","modified_gmt":"2023-11-27T13:50:26","slug":"dret-penal","status":"publish","type":"page","link":"https:\/\/www.penyaadvocats.com\/ca\/dret-penal\/","title":{"rendered":"Dret penal"},"content":{"rendered":"\t\t<div data-elementor-type=\"wp-page\" data-elementor-id=\"2787\" class=\"elementor elementor-2787 elementor-482\" data-elementor-post-type=\"page\">\n\t\t\t\t\t\t<section class=\"elementor-section elementor-top-section elementor-element elementor-element-3a86c79 elementor-section-full_width elementor-section-height-default elementor-section-height-default\" data-id=\"3a86c79\" data-element_type=\"section\" data-e-type=\"section\" id=\"heroservicios\" data-settings=\"{&quot;background_background&quot;:&quot;classic&quot;}\">\n\t\t\t\t\t\t<div class=\"elementor-container elementor-column-gap-default\">\n\t\t\t\t\t<div class=\"elementor-column elementor-col-100 elementor-top-column elementor-element elementor-element-636e188\" data-id=\"636e188\" data-element_type=\"column\" data-e-type=\"column\">\n\t\t\t<div class=\"elementor-widget-wrap elementor-element-populated\">\n\t\t\t\t\t\t<section class=\"elementor-section elementor-inner-section elementor-element elementor-element-cb29652 elementor-section-full_width elementor-section-height-min-height elementor-section-content-middle elementor-section-height-default\" data-id=\"cb29652\" data-element_type=\"section\" data-e-type=\"section\" data-settings=\"{&quot;background_background&quot;:&quot;classic&quot;}\">\n\t\t\t\t\t\t<div class=\"elementor-container elementor-column-gap-default\">\n\t\t\t\t\t<div class=\"elementor-column elementor-col-100 elementor-inner-column elementor-element elementor-element-3d76412\" data-id=\"3d76412\" data-element_type=\"column\" data-e-type=\"column\">\n\t\t\t<div class=\"elementor-widget-wrap elementor-element-populated\">\n\t\t\t\t\t\t<div class=\"elementor-element elementor-element-b089228 elementor-widget elementor-widget-heading\" data-id=\"b089228\" data-element_type=\"widget\" data-e-type=\"widget\" data-widget_type=\"heading.default\">\n\t\t\t\t<div class=\"elementor-widget-container\">\n\t\t\t\t\t<span class=\"elementor-heading-title elementor-size-default\">Dret penal<\/span>\t\t\t\t<\/div>\n\t\t\t\t<\/div>\n\t\t\t\t<div class=\"elementor-element elementor-element-0c5c890 elementor-widget elementor-widget-heading\" data-id=\"0c5c890\" data-element_type=\"widget\" data-e-type=\"widget\" data-widget_type=\"heading.default\">\n\t\t\t\t<div class=\"elementor-widget-container\">\n\t\t\t\t\t<h1 class=\"elementor-heading-title elementor-size-default\">Advocat penalista a tarragona<\/h1>\t\t\t\t<\/div>\n\t\t\t\t<\/div>\n\t\t\t\t\t<\/div>\n\t\t<\/div>\n\t\t\t\t\t<\/div>\n\t\t<\/section>\n\t\t\t\t<section class=\"elementor-section elementor-inner-section elementor-element elementor-element-d56f8cd elementor-section-boxed elementor-section-height-default elementor-section-height-default\" data-id=\"d56f8cd\" data-element_type=\"section\" data-e-type=\"section\" data-settings=\"{&quot;background_background&quot;:&quot;classic&quot;}\">\n\t\t\t\t\t\t<div class=\"elementor-container elementor-column-gap-default\">\n\t\t\t\t\t<div class=\"elementor-column elementor-col-100 elementor-inner-column elementor-element elementor-element-9051129\" data-id=\"9051129\" data-element_type=\"column\" data-e-type=\"column\">\n\t\t\t<div class=\"elementor-widget-wrap elementor-element-populated\">\n\t\t\t\t\t\t<div class=\"elementor-element elementor-element-231d22c elementor-widget elementor-widget-text-editor\" data-id=\"231d22c\" data-element_type=\"widget\" data-e-type=\"widget\" data-widget_type=\"text-editor.default\">\n\t\t\t\t<div class=\"elementor-widget-container\">\n\t\t\t\t\t\t\t\t\t<p>El dret penal \u00e9s el conjunt de normes que l\u2019Estat estableix i que determina els delictes i les penes que s\u2019aplicaran a qui els cometi. Aix\u00f2 et concedeix a tu una s\u00e8rie d\u2019obligacions, per\u00f2 tamb\u00e9 uns drets que cal protegir.<\/p>\n\t\t\t\t\t\t\t\t<\/div>\n\t\t\t\t<\/div>\n\t\t\t\t\t<\/div>\n\t\t<\/div>\n\t\t\t\t\t<\/div>\n\t\t<\/section>\n\t\t\t\t<section class=\"elementor-section elementor-inner-section elementor-element elementor-element-85edd46 elementor-section-full_width elementor-section-height-default elementor-section-height-default\" data-id=\"85edd46\" data-element_type=\"section\" data-e-type=\"section\" data-settings=\"{&quot;background_background&quot;:&quot;classic&quot;}\">\n\t\t\t\t\t\t<div class=\"elementor-container elementor-column-gap-default\">\n\t\t\t\t\t<div class=\"elementor-column elementor-col-50 elementor-inner-column elementor-element elementor-element-cc4c82d elementor-hidden-mobile col1 elementor-hidden-tablet\" data-id=\"cc4c82d\" data-element_type=\"column\" data-e-type=\"column\" data-settings=\"{&quot;background_background&quot;:&quot;classic&quot;}\">\n\t\t\t<div class=\"elementor-widget-wrap elementor-element-populated\">\n\t\t\t\t\t\t<div class=\"elementor-element elementor-element-632a2e5 elementor-widget elementor-widget-heading\" data-id=\"632a2e5\" data-element_type=\"widget\" data-e-type=\"widget\" data-widget_type=\"heading.default\">\n\t\t\t\t<div class=\"elementor-widget-container\">\n\t\t\t\t\t<h2 class=\"elementor-heading-title elementor-size-default\">Com <br>et podem <br>ajudar?<\/h2>\t\t\t\t<\/div>\n\t\t\t\t<\/div>\n\t\t\t\t\t<\/div>\n\t\t<\/div>\n\t\t\t\t<div class=\"elementor-column elementor-col-50 elementor-inner-column elementor-element elementor-element-350f4f3 col2\" data-id=\"350f4f3\" data-element_type=\"column\" data-e-type=\"column\" data-settings=\"{&quot;background_background&quot;:&quot;classic&quot;}\">\n\t\t\t<div class=\"elementor-widget-wrap elementor-element-populated\">\n\t\t\t\t\t\t<div class=\"elementor-element elementor-element-56d8d40 elementor-hidden-desktop elementor-hidden-laptop elementor-widget elementor-widget-heading\" data-id=\"56d8d40\" data-element_type=\"widget\" data-e-type=\"widget\" data-widget_type=\"heading.default\">\n\t\t\t\t<div class=\"elementor-widget-container\">\n\t\t\t\t\t<span class=\"elementor-heading-title elementor-size-default\">Com et podem ajudar?<\/span>\t\t\t\t<\/div>\n\t\t\t\t<\/div>\n\t\t\t\t<div class=\"elementor-element elementor-element-1f6468f elementor-widget elementor-widget-text-editor\" data-id=\"1f6468f\" data-element_type=\"widget\" data-e-type=\"widget\" data-widget_type=\"text-editor.default\">\n\t\t\t\t<div class=\"elementor-widget-container\">\n\t\t\t\t\t\t\t\t\t<p>Els casos de dret penal solen ser una mica m\u00e9s complexos que la resta, ja que requereixen m\u00e9s burocr\u00e0cia. \u00c9s per aix\u00f2 que els treballem de principi a final. \u00c9s a dir, des que s\u2019interposa la demanda fins que obtenim la resoluci\u00f3.<\/p>\n<p>A m\u00e9s, ens posem en contacte amb els actors implicats per tal d\u2019agilitzar el proc\u00e9s al m\u00e0xim.<\/p>\n\t\t\t\t\t\t\t\t<\/div>\n\t\t\t\t<\/div>\n\t\t\t\t<div class=\"elementor-element elementor-element-d162013 elementor-widget elementor-widget-html\" data-id=\"d162013\" data-element_type=\"widget\" data-e-type=\"widget\" data-widget_type=\"html.default\">\n\t\t\t\t<div class=\"elementor-widget-container\">\n\t\t\t\t\t<section class=\"cardsStackableCustom\">\n        <!-- card -->\n        <div class=\"card\">\n            <h3 class=\"title\">Assessorament<\/h3>\n\n            <div class=\"content\">\n                <p>T\u2019assessorem en mat\u00e8ria de responsabilitat penal de la persona jur\u00eddica davant la comissi\u00f3 de qualsevol delicte.<\/p>\n            <\/div>\n        <\/div>\n        \n        <div class=\"card\">\n            <h3 class=\"title\">Compliance penal<\/h3>\n\n            <div class=\"content\">\n                <p>Creem plans de prevenci\u00f3 per garantir que la teva societat quedi exempta de responsabilitat penal en cas que un empleat cometi un delicte.<\/p>\n            <\/div>\n        <\/div>\n\n        <!-- card -->\n        <div class=\"card\">\n            <h3 class=\"title\">Delictes econ\u00f2mics<\/h3>\n\n            <div class=\"content\">\n                <p>Defensem els teus interessos legals davant de qualsevol delicte fiscal, frau, apropiaci\u00f3 indeguda, blanqueig de capitals, estafa o insolv\u00e8ncia punible.<\/p>\n            <\/div>\n        <\/div>\n\n        <!-- card -->\n        <div class=\"card\">\n            <h3 class=\"title\">Delictes contra la hisenda p\u00fablica<\/h3>\n\n            <div class=\"content\">\n                <p>Si, sigui per acci\u00f3 o omissi\u00f3, has causat un dany a la hisenda p\u00fablica, busquem atenuants i exempcions de responsabilitat penal.<\/p>\n            <\/div>\n        <\/div>\n\n        <!-- card -->\n        <div class=\"card\">\n            <h3 class=\"title\">Delictes societaris<\/h3>\n\n            <div class=\"content\">\n                <p>Protegim l\u2019administraci\u00f3 correcta de la teva societat davant delictes de falsedat documental o acords il\u00b7leg\u00edtims.<\/p>\n            <\/div>\n        <\/div>\n\n        <!-- card -->\n        <div class=\"card\">\n            <h3 class=\"title\">Delictes contra la intimitat, l\u2019honor i la pr\u00f2pia imatge<\/h3>\n\n            <div class=\"content\">\n                <p>Sol\u00b7licitem les indemnitzacions que et corresponguin en cas de difusi\u00f3 d\u2019imatges o v\u00eddeos privats, o per delictes d\u2019inj\u00faries i cal\u00famnies, entre d\u2019altres.<\/p>\n            <\/div>\n        <\/div>\n\n        <!-- card -->\n        <div class=\"card\">\n            <h3 class=\"title\">Seguretat vi\u00e0ria<\/h3>\n\n            <div class=\"content\">\n                <p>Busquem la resoluci\u00f3 m\u00e9s beneficiosa per a tu en casos d\u2019alcohol\u00e8mia, exc\u00e9s de velocitat, temeritat o qualsevol altre delicte contra la seguretat vi\u00e0ria.<\/p>\n            <\/div>\n        <\/div>\n        <!-- card -->\n        <div class=\"card\">\n            <h3 class=\"title\">Delictes lleus<\/h3>\n\n            <div class=\"content\">\n                <p>Redu\u00efm l\u2019impacte econ\u00f2mic de possibles multes i hi presentem les al\u00b7legacions necess\u00e0ries.<\/p>\n            <\/div>\n        <\/div>\n        <!-- card -->\n        <div class=\"card\">\n            <h3 class=\"title\">Judici r\u00e0pid<\/h3>\n\n            <div class=\"content\">\n                <p>Estudiem el teu cas en el menor temps possible, per defensar-te de la millor manera davant un judici imminent.<\/p>\n            <\/div>\n        <\/div>\n       \n        <div class=\"card\">\n            <h3 class=\"title\">Den\u00fancies i querelles<\/h3>\n\n            <div class=\"content\">\n                <p>Redactem i presentem tota la documentaci\u00f3 per tu, tant si has estat v\u00edctima d\u2019un delicte com si n\u2019has estat acusat.<\/p>\n            <\/div>\n        <\/div>\n         \n    <\/section>\t\t\t\t<\/div>\n\t\t\t\t<\/div>\n\t\t\t\t\t<\/div>\n\t\t<\/div>\n\t\t\t\t\t<\/div>\n\t\t<\/section>\n\t\t\t\t\t<\/div>\n\t\t<\/div>\n\t\t\t\t\t<\/div>\n\t\t<\/section>\n\t\t\t\t<section class=\"elementor-section elementor-top-section elementor-element elementor-element-b5891f4 elementor-section-boxed elementor-section-height-default elementor-section-height-default\" data-id=\"b5891f4\" data-element_type=\"section\" data-e-type=\"section\" data-settings=\"{&quot;background_background&quot;:&quot;classic&quot;,&quot;sticky_on&quot;:[&quot;desktop&quot;,&quot;laptop&quot;],&quot;sticky_offset&quot;:127,&quot;sticky_effects_offset&quot;:150,&quot;sticky&quot;:&quot;top&quot;,&quot;sticky_anchor_link_offset&quot;:0}\">\n\t\t\t\t\t\t<div class=\"elementor-container elementor-column-gap-default\">\n\t\t\t\t\t<div class=\"elementor-column elementor-col-50 elementor-top-column elementor-element elementor-element-7f98fc1\" data-id=\"7f98fc1\" data-element_type=\"column\" data-e-type=\"column\">\n\t\t\t<div class=\"elementor-widget-wrap elementor-element-populated\">\n\t\t\t\t\t\t<div class=\"elementor-element elementor-element-d1a4443 elementor-widget elementor-widget-heading\" data-id=\"d1a4443\" data-element_type=\"widget\" data-e-type=\"widget\" data-widget_type=\"heading.default\">\n\t\t\t\t<div class=\"elementor-widget-container\">\n\t\t\t\t\t<span class=\"elementor-heading-title elementor-size-default\">Et deus <br>estar preguntant...<\/span>\t\t\t\t<\/div>\n\t\t\t\t<\/div>\n\t\t\t\t<div class=\"elementor-element elementor-element-d7424e7 elementor-widget elementor-widget-heading\" data-id=\"d7424e7\" data-element_type=\"widget\" data-e-type=\"widget\" data-widget_type=\"heading.default\">\n\t\t\t\t<div class=\"elementor-widget-container\">\n\t\t\t\t\t<h2 class=\"elementor-heading-title elementor-size-default\">Advocada penalista a Tarragona<\/h2>\t\t\t\t<\/div>\n\t\t\t\t<\/div>\n\t\t\t\t\t<\/div>\n\t\t<\/div>\n\t\t\t\t<div class=\"elementor-column elementor-col-50 elementor-top-column elementor-element elementor-element-a9ec140\" data-id=\"a9ec140\" data-element_type=\"column\" data-e-type=\"column\">\n\t\t\t<div class=\"elementor-widget-wrap elementor-element-populated\">\n\t\t\t\t\t\t<div class=\"elementor-element elementor-element-24e0d82 elementor-widget elementor-widget-accordion\" data-id=\"24e0d82\" data-element_type=\"widget\" data-e-type=\"widget\" data-widget_type=\"accordion.default\">\n\t\t\t\t<div class=\"elementor-widget-container\">\n\t\t\t\t\t\t\t<div class=\"elementor-accordion\">\n\t\t\t\t\t\t\t<div class=\"elementor-accordion-item\">\n\t\t\t\t\t<h3 id=\"elementor-tab-title-3861\" class=\"elementor-tab-title\" data-tab=\"1\" role=\"button\" aria-controls=\"elementor-tab-content-3861\" aria-expanded=\"false\">\n\t\t\t\t\t\t\t\t\t\t\t\t\t<span class=\"elementor-accordion-icon elementor-accordion-icon-right\" aria-hidden=\"true\">\n\t\t\t\t\t\t\t\t\t\t\t\t\t\t\t<span class=\"elementor-accordion-icon-closed\"><svg xmlns=\"http:\/\/www.w3.org\/2000\/svg\" width=\"22\" height=\"22\" viewBox=\"0 0 22 22\" fill=\"none\"><g clip-path=\"url(#clip0_233_7)\"><path d=\"M21.3 10.9502H0.599976\" stroke=\"white\" stroke-width=\"1.2\" stroke-linecap=\"round\" stroke-linejoin=\"round\"><\/path><path d=\"M10.95 21.3001V0.600098\" stroke=\"white\" stroke-width=\"1.2\" stroke-linecap=\"round\" stroke-linejoin=\"round\"><\/path><\/g><defs><clipPath id=\"clip0_233_7\"><rect width=\"21.9\" height=\"21.9\" fill=\"white\"><\/rect><\/clipPath><\/defs><\/svg><\/span>\n\t\t\t\t\t\t\t\t<span class=\"elementor-accordion-icon-opened\"><svg xmlns=\"http:\/\/www.w3.org\/2000\/svg\" viewBox=\"0 0 15.84 15.84\"><defs><style>.cls-1{fill:#fff;stroke:#1c396c;stroke-linecap:round;stroke-linejoin:round;stroke-width:1.2px;}<\/style><\/defs><g id=\"Capa_2\" data-name=\"Capa 2\"><g id=\"Capa_1-2\" data-name=\"Capa 1\"><line class=\"cls-1\" x1=\"15.24\" y1=\"15.24\" x2=\"0.6\" y2=\"0.6\"><\/line><line class=\"cls-1\" x1=\"0.6\" y1=\"15.24\" x2=\"15.24\" y2=\"0.6\"><\/line><\/g><\/g><\/svg><\/span>\n\t\t\t\t\t\t\t\t\t\t\t\t\t\t<\/span>\n\t\t\t\t\t\t\t\t\t\t\t\t<a class=\"elementor-accordion-title\" tabindex=\"0\">Qu\u00e8 he de fer si m\u2019han denunciat? <\/a>\n\t\t\t\t\t<\/h3>\n\t\t\t\t\t<div id=\"elementor-tab-content-3861\" class=\"elementor-tab-content elementor-clearfix\" data-tab=\"1\" role=\"region\" aria-labelledby=\"elementor-tab-title-3861\"><p>El recomanable en aquests casos \u00e9s contactar amb un advocat penalista perqu\u00e8 analitzi tant els fets denunciats com les proves del suposat delicte. Durant el procediment jur\u00eddic necessitar\u00e0s la pres\u00e8ncia d\u2019un advocat perqu\u00e8 et representi en el judici, aix\u00ed que, com m\u00e9s aviat et posis en contacte amb un, millor.<\/p>\n<\/div>\n\t\t\t\t<\/div>\n\t\t\t\t\t\t\t<div class=\"elementor-accordion-item\">\n\t\t\t\t\t<h3 id=\"elementor-tab-title-3862\" class=\"elementor-tab-title\" data-tab=\"2\" role=\"button\" aria-controls=\"elementor-tab-content-3862\" aria-expanded=\"false\">\n\t\t\t\t\t\t\t\t\t\t\t\t\t<span class=\"elementor-accordion-icon elementor-accordion-icon-right\" aria-hidden=\"true\">\n\t\t\t\t\t\t\t\t\t\t\t\t\t\t\t<span class=\"elementor-accordion-icon-closed\"><svg xmlns=\"http:\/\/www.w3.org\/2000\/svg\" width=\"22\" height=\"22\" viewBox=\"0 0 22 22\" fill=\"none\"><g clip-path=\"url(#clip0_233_7)\"><path d=\"M21.3 10.9502H0.599976\" stroke=\"white\" stroke-width=\"1.2\" stroke-linecap=\"round\" stroke-linejoin=\"round\"><\/path><path d=\"M10.95 21.3001V0.600098\" stroke=\"white\" stroke-width=\"1.2\" stroke-linecap=\"round\" stroke-linejoin=\"round\"><\/path><\/g><defs><clipPath id=\"clip0_233_7\"><rect width=\"21.9\" height=\"21.9\" fill=\"white\"><\/rect><\/clipPath><\/defs><\/svg><\/span>\n\t\t\t\t\t\t\t\t<span class=\"elementor-accordion-icon-opened\"><svg xmlns=\"http:\/\/www.w3.org\/2000\/svg\" viewBox=\"0 0 15.84 15.84\"><defs><style>.cls-1{fill:#fff;stroke:#1c396c;stroke-linecap:round;stroke-linejoin:round;stroke-width:1.2px;}<\/style><\/defs><g id=\"Capa_2\" data-name=\"Capa 2\"><g id=\"Capa_1-2\" data-name=\"Capa 1\"><line class=\"cls-1\" x1=\"15.24\" y1=\"15.24\" x2=\"0.6\" y2=\"0.6\"><\/line><line class=\"cls-1\" x1=\"0.6\" y1=\"15.24\" x2=\"15.24\" y2=\"0.6\"><\/line><\/g><\/g><\/svg><\/span>\n\t\t\t\t\t\t\t\t\t\t\t\t\t\t<\/span>\n\t\t\t\t\t\t\t\t\t\t\t\t<a class=\"elementor-accordion-title\" tabindex=\"0\">Necessito un advocat en cas de ser v\u00edctima d\u2019un accident de tr\u00e0nsit? <\/a>\n\t\t\t\t\t<\/h3>\n\t\t\t\t\t<div id=\"elementor-tab-content-3862\" class=\"elementor-tab-content elementor-clearfix\" data-tab=\"2\" role=\"region\" aria-labelledby=\"elementor-tab-title-3862\"><p>Si tu no has tingut la culpa del sinistre, el m\u00e9s probable \u00e9s que et correspongui una indemnitzaci\u00f3. I l\u2019altra part intentar\u00e0 per tots els mitjans no haver d\u2019abonar-te res. Aix\u00f2 sol iniciar un proc\u00e9s llarg en el qual sorgeixen molts dubtes a causa de la manca d\u2019informaci\u00f3 com a v\u00edctima. Aix\u00ed doncs, un advocat penalista et pot ajudar a reclamar la indemnitzaci\u00f3 que realment s\u2019ajusti al teu cas.<\/p>\n<\/div>\n\t\t\t\t<\/div>\n\t\t\t\t\t\t\t<div class=\"elementor-accordion-item\">\n\t\t\t\t\t<h3 id=\"elementor-tab-title-3863\" class=\"elementor-tab-title\" data-tab=\"3\" role=\"button\" aria-controls=\"elementor-tab-content-3863\" aria-expanded=\"false\">\n\t\t\t\t\t\t\t\t\t\t\t\t\t<span class=\"elementor-accordion-icon elementor-accordion-icon-right\" aria-hidden=\"true\">\n\t\t\t\t\t\t\t\t\t\t\t\t\t\t\t<span class=\"elementor-accordion-icon-closed\"><svg xmlns=\"http:\/\/www.w3.org\/2000\/svg\" width=\"22\" height=\"22\" viewBox=\"0 0 22 22\" fill=\"none\"><g clip-path=\"url(#clip0_233_7)\"><path d=\"M21.3 10.9502H0.599976\" stroke=\"white\" stroke-width=\"1.2\" stroke-linecap=\"round\" stroke-linejoin=\"round\"><\/path><path d=\"M10.95 21.3001V0.600098\" stroke=\"white\" stroke-width=\"1.2\" stroke-linecap=\"round\" stroke-linejoin=\"round\"><\/path><\/g><defs><clipPath id=\"clip0_233_7\"><rect width=\"21.9\" height=\"21.9\" fill=\"white\"><\/rect><\/clipPath><\/defs><\/svg><\/span>\n\t\t\t\t\t\t\t\t<span class=\"elementor-accordion-icon-opened\"><svg xmlns=\"http:\/\/www.w3.org\/2000\/svg\" viewBox=\"0 0 15.84 15.84\"><defs><style>.cls-1{fill:#fff;stroke:#1c396c;stroke-linecap:round;stroke-linejoin:round;stroke-width:1.2px;}<\/style><\/defs><g id=\"Capa_2\" data-name=\"Capa 2\"><g id=\"Capa_1-2\" data-name=\"Capa 1\"><line class=\"cls-1\" x1=\"15.24\" y1=\"15.24\" x2=\"0.6\" y2=\"0.6\"><\/line><line class=\"cls-1\" x1=\"0.6\" y1=\"15.24\" x2=\"15.24\" y2=\"0.6\"><\/line><\/g><\/g><\/svg><\/span>\n\t\t\t\t\t\t\t\t\t\t\t\t\t\t<\/span>\n\t\t\t\t\t\t\t\t\t\t\t\t<a class=\"elementor-accordion-title\" tabindex=\"0\">Qu\u00e8 puc fer si han dif\u00f3s fotos meves sense el meu consentiment? <\/a>\n\t\t\t\t\t<\/h3>\n\t\t\t\t\t<div id=\"elementor-tab-content-3863\" class=\"elementor-tab-content elementor-clearfix\" data-tab=\"3\" role=\"region\" aria-labelledby=\"elementor-tab-title-3863\"><p>El m\u00e9s recomanable \u00e9s eliminar aquest contingut d\u2019internet perqu\u00e8 no sigui accessible ni es pugui continuar difonent. L\u2019Ag\u00e8ncia Espanyola de Protecci\u00f3 de Dades t\u00e9 un canal prioritari amb aquesta finalitat.<br \/>Despr\u00e9s, haur\u00e0s de presentar la demanda judicial perqu\u00e8 les persones que hagin estat responsables paguin pel dany causat i tu puguis rebre una indemnitzaci\u00f3.<\/p>\n<\/div>\n\t\t\t\t<\/div>\n\t\t\t\t\t\t\t<div class=\"elementor-accordion-item\">\n\t\t\t\t\t<h3 id=\"elementor-tab-title-3864\" class=\"elementor-tab-title\" data-tab=\"4\" role=\"button\" aria-controls=\"elementor-tab-content-3864\" aria-expanded=\"false\">\n\t\t\t\t\t\t\t\t\t\t\t\t\t<span class=\"elementor-accordion-icon elementor-accordion-icon-right\" aria-hidden=\"true\">\n\t\t\t\t\t\t\t\t\t\t\t\t\t\t\t<span class=\"elementor-accordion-icon-closed\"><svg xmlns=\"http:\/\/www.w3.org\/2000\/svg\" width=\"22\" height=\"22\" viewBox=\"0 0 22 22\" fill=\"none\"><g clip-path=\"url(#clip0_233_7)\"><path d=\"M21.3 10.9502H0.599976\" stroke=\"white\" stroke-width=\"1.2\" stroke-linecap=\"round\" stroke-linejoin=\"round\"><\/path><path d=\"M10.95 21.3001V0.600098\" stroke=\"white\" stroke-width=\"1.2\" stroke-linecap=\"round\" stroke-linejoin=\"round\"><\/path><\/g><defs><clipPath id=\"clip0_233_7\"><rect width=\"21.9\" height=\"21.9\" fill=\"white\"><\/rect><\/clipPath><\/defs><\/svg><\/span>\n\t\t\t\t\t\t\t\t<span class=\"elementor-accordion-icon-opened\"><svg xmlns=\"http:\/\/www.w3.org\/2000\/svg\" viewBox=\"0 0 15.84 15.84\"><defs><style>.cls-1{fill:#fff;stroke:#1c396c;stroke-linecap:round;stroke-linejoin:round;stroke-width:1.2px;}<\/style><\/defs><g id=\"Capa_2\" data-name=\"Capa 2\"><g id=\"Capa_1-2\" data-name=\"Capa 1\"><line class=\"cls-1\" x1=\"15.24\" y1=\"15.24\" x2=\"0.6\" y2=\"0.6\"><\/line><line class=\"cls-1\" x1=\"0.6\" y1=\"15.24\" x2=\"15.24\" y2=\"0.6\"><\/line><\/g><\/g><\/svg><\/span>\n\t\t\t\t\t\t\t\t\t\t\t\t\t\t<\/span>\n\t\t\t\t\t\t\t\t\t\t\t\t<a class=\"elementor-accordion-title\" tabindex=\"0\">Necessito un advocat en un judici r\u00e0pid? <\/a>\n\t\t\t\t\t<\/h3>\n\t\t\t\t\t<div id=\"elementor-tab-content-3864\" class=\"elementor-tab-content elementor-clearfix\" data-tab=\"4\" role=\"region\" aria-labelledby=\"elementor-tab-title-3864\"><p>S\u00ed, sempre que hi ha judici necessites un advocat. Depenent de la complexitat del cas, pots optar per quedar-te amb un advocat d\u2019ofici o contractar un advocat particular. Un advocat penalista pot aconseguir que no hagis de pagar una indemnitzaci\u00f3, o que rebis una indemnitzaci\u00f3 m\u00e9s gran de la que et proposaven d\u2019inici, aix\u00ed que, en molts casos, \u00e9s una inversi\u00f3 que et beneficia.<\/p>\n<\/div>\n\t\t\t\t<\/div>\n\t\t\t\t\t\t\t<div class=\"elementor-accordion-item\">\n\t\t\t\t\t<h3 id=\"elementor-tab-title-3865\" class=\"elementor-tab-title\" data-tab=\"5\" role=\"button\" aria-controls=\"elementor-tab-content-3865\" aria-expanded=\"false\">\n\t\t\t\t\t\t\t\t\t\t\t\t\t<span class=\"elementor-accordion-icon elementor-accordion-icon-right\" aria-hidden=\"true\">\n\t\t\t\t\t\t\t\t\t\t\t\t\t\t\t<span class=\"elementor-accordion-icon-closed\"><svg xmlns=\"http:\/\/www.w3.org\/2000\/svg\" width=\"22\" height=\"22\" viewBox=\"0 0 22 22\" fill=\"none\"><g clip-path=\"url(#clip0_233_7)\"><path d=\"M21.3 10.9502H0.599976\" stroke=\"white\" stroke-width=\"1.2\" stroke-linecap=\"round\" stroke-linejoin=\"round\"><\/path><path d=\"M10.95 21.3001V0.600098\" stroke=\"white\" stroke-width=\"1.2\" stroke-linecap=\"round\" stroke-linejoin=\"round\"><\/path><\/g><defs><clipPath id=\"clip0_233_7\"><rect width=\"21.9\" height=\"21.9\" fill=\"white\"><\/rect><\/clipPath><\/defs><\/svg><\/span>\n\t\t\t\t\t\t\t\t<span class=\"elementor-accordion-icon-opened\"><svg xmlns=\"http:\/\/www.w3.org\/2000\/svg\" viewBox=\"0 0 15.84 15.84\"><defs><style>.cls-1{fill:#fff;stroke:#1c396c;stroke-linecap:round;stroke-linejoin:round;stroke-width:1.2px;}<\/style><\/defs><g id=\"Capa_2\" data-name=\"Capa 2\"><g id=\"Capa_1-2\" data-name=\"Capa 1\"><line class=\"cls-1\" x1=\"15.24\" y1=\"15.24\" x2=\"0.6\" y2=\"0.6\"><\/line><line class=\"cls-1\" x1=\"0.6\" y1=\"15.24\" x2=\"15.24\" y2=\"0.6\"><\/line><\/g><\/g><\/svg><\/span>\n\t\t\t\t\t\t\t\t\t\t\t\t\t\t<\/span>\n\t\t\t\t\t\t\t\t\t\t\t\t<a class=\"elementor-accordion-title\" tabindex=\"0\">Com puc querellar-me contra alg\u00fa? <\/a>\n\t\t\t\t\t<\/h3>\n\t\t\t\t\t<div id=\"elementor-tab-content-3865\" class=\"elementor-tab-content elementor-clearfix\" data-tab=\"5\" role=\"region\" aria-labelledby=\"elementor-tab-title-3865\"><p>Querellar-te contra alg\u00fa \u00e9s un proc\u00e9s que has d\u2019iniciar mitjan\u00e7ant la representaci\u00f3 d\u2019un advocat de manera obligat\u00f2ria, ja que requereix compar\u00e8ixer a judici. El m\u00e9s recomanable \u00e9s exposar el teu cas a un advocat penalista i engegar el procediment junts, perqu\u00e8 hi estigui present de principi a final i pugui representar-te millor.<\/p>\n<\/div>\n\t\t\t\t<\/div>\n\t\t\t\t\t\t\t\t\t\t<script type=\"application\/ld+json\">{\"@context\":\"https:\\\/\\\/schema.org\",\"@type\":\"FAQPage\",\"mainEntity\":[{\"@type\":\"Question\",\"name\":\"Qu\\u00e8 he de fer si m\\u2019han denunciat?\",\"acceptedAnswer\":{\"@type\":\"Answer\",\"text\":\"<p>El recomanable en aquests casos \\u00e9s contactar amb un advocat penalista perqu\\u00e8 analitzi tant els fets denunciats com les proves del suposat delicte. Durant el procediment jur\\u00eddic necessitar\\u00e0s la pres\\u00e8ncia d\\u2019un advocat perqu\\u00e8 et representi en el judici, aix\\u00ed que, com m\\u00e9s aviat et posis en contacte amb un, millor.<\\\/p>\\n\"}},{\"@type\":\"Question\",\"name\":\"Necessito un advocat en cas de ser v\\u00edctima d\\u2019un accident de tr\\u00e0nsit?\",\"acceptedAnswer\":{\"@type\":\"Answer\",\"text\":\"<p>Si tu no has tingut la culpa del sinistre, el m\\u00e9s probable \\u00e9s que et correspongui una indemnitzaci\\u00f3. I l\\u2019altra part intentar\\u00e0 per tots els mitjans no haver d\\u2019abonar-te res. Aix\\u00f2 sol iniciar un proc\\u00e9s llarg en el qual sorgeixen molts dubtes a causa de la manca d\\u2019informaci\\u00f3 com a v\\u00edctima. Aix\\u00ed doncs, un advocat penalista et pot ajudar a reclamar la indemnitzaci\\u00f3 que realment s\\u2019ajusti al teu cas.<\\\/p>\\n\"}},{\"@type\":\"Question\",\"name\":\"Qu\\u00e8 puc fer si han dif\\u00f3s fotos meves sense el meu consentiment?\",\"acceptedAnswer\":{\"@type\":\"Answer\",\"text\":\"<p>El m\\u00e9s recomanable \\u00e9s eliminar aquest contingut d\\u2019internet perqu\\u00e8 no sigui accessible ni es pugui continuar difonent. L\\u2019Ag\\u00e8ncia Espanyola de Protecci\\u00f3 de Dades t\\u00e9 un canal prioritari amb aquesta finalitat.<br \\\/>Despr\\u00e9s, haur\\u00e0s de presentar la demanda judicial perqu\\u00e8 les persones que hagin estat responsables paguin pel dany causat i tu puguis rebre una indemnitzaci\\u00f3.<\\\/p>\\n\"}},{\"@type\":\"Question\",\"name\":\"Necessito un advocat en un judici r\\u00e0pid?\",\"acceptedAnswer\":{\"@type\":\"Answer\",\"text\":\"<p>S\\u00ed, sempre que hi ha judici necessites un advocat. Depenent de la complexitat del cas, pots optar per quedar-te amb un advocat d\\u2019ofici o contractar un advocat particular. Un advocat penalista pot aconseguir que no hagis de pagar una indemnitzaci\\u00f3, o que rebis una indemnitzaci\\u00f3 m\\u00e9s gran de la que et proposaven d\\u2019inici, aix\\u00ed que, en molts casos, \\u00e9s una inversi\\u00f3 que et beneficia.<\\\/p>\\n\"}},{\"@type\":\"Question\",\"name\":\"Com puc querellar-me contra alg\\u00fa?\",\"acceptedAnswer\":{\"@type\":\"Answer\",\"text\":\"<p>Querellar-te contra alg\\u00fa \\u00e9s un proc\\u00e9s que has d\\u2019iniciar mitjan\\u00e7ant la representaci\\u00f3 d\\u2019un advocat de manera obligat\\u00f2ria, ja que requereix compar\\u00e8ixer a judici. El m\\u00e9s recomanable \\u00e9s exposar el teu cas a un advocat penalista i engegar el procediment junts, perqu\\u00e8 hi estigui present de principi a final i pugui representar-te millor.<\\\/p>\\n\"}}]}<\/script>\n\t\t\t\t\t<\/div>\n\t\t\t\t\t\t<\/div>\n\t\t\t\t<\/div>\n\t\t\t\t\t<\/div>\n\t\t<\/div>\n\t\t\t\t\t<\/div>\n\t\t<\/section>\n\t\t\t\t<\/div>\n\t\t","protected":false},"excerpt":{"rendered":"<p>Dret penal Advocat penalista a tarragona El dret penal \u00e9s el conjunt de normes que l\u2019Estat estableix i que determina els delictes i les penes que s\u2019aplicaran a qui els cometi. Aix\u00f2 et concedeix a tu una s\u00e8rie d\u2019obligacions, per\u00f2 tamb\u00e9 uns drets que cal protegir. Com et podem ajudar? Com et podem ajudar? Els [&hellip;]<\/p>\n","protected":false},"author":1,"featured_media":0,"parent":0,"menu_order":0,"comment_status":"closed","ping_status":"closed","template":"","meta":{"inline_featured_image":false,"footnotes":""},"class_list":["post-2787","page","type-page","status-publish","hentry"],"_links":{"self":[{"href":"https:\/\/www.penyaadvocats.com\/ca\/wp-json\/wp\/v2\/pages\/2787","targetHints":{"allow":["GET"]}}],"collection":[{"href":"https:\/\/www.penyaadvocats.com\/ca\/wp-json\/wp\/v2\/pages"}],"about":[{"href":"https:\/\/www.penyaadvocats.com\/ca\/wp-json\/wp\/v2\/types\/page"}],"author":[{"embeddable":true,"href":"https:\/\/www.penyaadvocats.com\/ca\/wp-json\/wp\/v2\/users\/1"}],"replies":[{"embeddable":true,"href":"https:\/\/www.penyaadvocats.com\/ca\/wp-json\/wp\/v2\/comments?post=2787"}],"version-history":[{"count":1,"href":"https:\/\/www.penyaadvocats.com\/ca\/wp-json\/wp\/v2\/pages\/2787\/revisions"}],"predecessor-version":[{"id":2788,"href":"https:\/\/www.penyaadvocats.com\/ca\/wp-json\/wp\/v2\/pages\/2787\/revisions\/2788"}],"wp:attachment":[{"href":"https:\/\/www.penyaadvocats.com\/ca\/wp-json\/wp\/v2\/media?parent=2787"}],"curies":[{"name":"wp","href":"https:\/\/api.w.org\/{rel}","templated":true}]}}